{"id":2481,"date":"2024-03-26T22:00:00","date_gmt":"2024-03-26T22:00:00","guid":{"rendered":"http:\/\/relaunch2025.zeitenspiegel.de\/projekte\/wie-fair-ist-fairtrade\/"},"modified":"2025-12-14T12:07:08","modified_gmt":"2025-12-14T12:07:08","slug":"wie-fair-ist-fairtrade","status":"publish","type":"projekte","link":"https:\/\/www.zeitenspiegel.de\/en\/projekte\/wie-fair-ist-fairtrade\/","title":{"rendered":"How fair is Fairtrade?"},"content":{"rendered":"<p>Author <a href=\"\/en\/team\/markus-wanzeck\/\">Markus Wanzeck<\/a>, photographer <a href=\"https:\/\/www.zeitenspiegel.de\/en\/team\/frank-schultze\/\" title=\"\">Frank Schultze<\/a><br>Published on \u201eStern.de\u201c on March 27, 2024<\/p>\n\n\n\n<p>One of them, Friedel H\u00fctz-Adams, is an expert on cocoa supply chains. The other, Claudia Br\u00fcck, is president of Fairtrade. Both want better working conditions for farmers in West Africa \u2013 but how? They have different opinions on this. The occasion for a debate.<\/p>\n\n\n\n<p><a class=\"publication-link\" href=\"\/en\/publikationen\/billige-scheinloesung-oder-viele-kleine-schritte-die-wirken-wie-fair-ist-fairtrade\/\">For Publication \u00bb<\/a><\/p>","protected":false},"excerpt":{"rendered":"<p>Autor Markus Wanzeck, Fotograf Frank SchultzeErschienen auf &#8222;Stern.de&#8220; am 27. M\u00e4rz 2024 Der eine, Friedel H\u00fctz-Adams, ist Experte f\u00fcr Kakao-Lieferketten. Die andere, Claudia Br\u00fcck, ist Vorst\u00e4ndin von Fairtrade. Beide wollen bessere Arbeitsbedingungen f\u00fcr Bauern in Westafrika \u2013 doch wie? Dar\u00fcber haben sie verschiedene Meinungen. Anlass f\u00fcr ein Streitgespr\u00e4ch. Zur Publikation \u00bb<\/p>","protected":false},"featured_media":2482,"parent":0,"menu_order":0,"template":"","meta":{"_FSMCFIC_featured_image_caption":"","_FSMCFIC_featured_image_nocaption":"","_FSMCFIC_featured_image_hide":"","footnotes":""},"tags":[18,12],"class_list":["post-2481","projekte","type-projekte","status-publish","has-post-thumbnail","hentry","tag-interview","tag-markus-wanzeck"],"aioseo_notices":[],"_links":{"self":[{"href":"https:\/\/www.zeitenspiegel.de\/en\/wp-json\/wp\/v2\/projekte\/2481","targetHints":{"allow":["GET"]}}],"collection":[{"href":"https:\/\/www.zeitenspiegel.de\/en\/wp-json\/wp\/v2\/projekte"}],"about":[{"href":"https:\/\/www.zeitenspiegel.de\/en\/wp-json\/wp\/v2\/types\/projekte"}],"version-history":[{"count":3,"href":"https:\/\/www.zeitenspiegel.de\/en\/wp-json\/wp\/v2\/projekte\/2481\/revisions"}],"predecessor-version":[{"id":7343,"href":"https:\/\/www.zeitenspiegel.de\/en\/wp-json\/wp\/v2\/projekte\/2481\/revisions\/7343"}],"wp:featuredmedia":[{"embeddable":true,"href":"https:\/\/www.zeitenspiegel.de\/en\/wp-json\/wp\/v2\/media\/2482"}],"wp:attachment":[{"href":"https:\/\/www.zeitenspiegel.de\/en\/wp-json\/wp\/v2\/media?parent=2481"}],"wp:term":[{"taxonomy":"post_tag","embeddable":true,"href":"https:\/\/www.zeitenspiegel.de\/en\/wp-json\/wp\/v2\/tags?post=2481"}],"curies":[{"name":"wp","href":"https:\/\/api.w.org\/{rel}","templated":true}]}}