{"id":2502,"date":"2023-07-05T22:00:00","date_gmt":"2023-07-05T22:00:00","guid":{"rendered":"http:\/\/relaunch2025.zeitenspiegel.de\/projekte\/die-mit-den-insekten-spricht\/"},"modified":"2023-07-05T22:00:00","modified_gmt":"2023-07-05T22:00:00","slug":"die-mit-den-insekten-spricht","status":"publish","type":"projekte","link":"https:\/\/www.zeitenspiegel.de\/en\/projekte\/die-mit-den-insekten-spricht\/","title":{"rendered":"Die mit den Insekten spricht"},"content":{"rendered":"<p>Author <a href=\"\/en\/team\/jan-ruebel\/\">Jan R\u00fcbel<\/a><br \/>Erschienen auf &#8222;Focus Online&#8220;, 06.07.2023<\/p>\n<p>Weltweit ger\u00e4t Landwirtschaft unter Druck: Bakterien, Viren und Insekten machen dem Anbau zu schaffen. In Pal\u00e4stina forscht eine Frau nach L\u00f6sungen f\u00fcr das Problem. Und sie findet sie in der Natur selbst.<\/p>\n<p>Zur Reportage gelangen Sie <a href=\"https:\/\/www.focus.de\/perspektiven\/12-frauen-12-ideen\/insekten-fluesterin-aus-palaestina-loest-die-deutschen-probleme-von-morgen_id_197724318.html\">here<\/a>.<\/p>\n<p\/>","protected":false},"excerpt":{"rendered":"<p>Autor Jan R\u00fcbelErschienen auf &#8222;Focus Online&#8220;, 06.07.2023 Weltweit ger\u00e4t Landwirtschaft unter Druck: Bakterien, Viren und Insekten machen dem Anbau zu schaffen. In Pal\u00e4stina forscht eine Frau nach L\u00f6sungen f\u00fcr das Problem. Und sie findet sie in der Natur selbst. Zur Reportage gelangen Sie hier.<\/p>","protected":false},"featured_media":2503,"parent":0,"menu_order":0,"template":"","meta":{"_FSMCFIC_featured_image_caption":"","_FSMCFIC_featured_image_nocaption":"","_FSMCFIC_featured_image_hide":"","footnotes":""},"tags":[14,9],"class_list":["post-2502","projekte","type-projekte","status-publish","has-post-thumbnail","hentry","tag-jan-ruebel","tag-reportage"],"aioseo_notices":[],"_links":{"self":[{"href":"https:\/\/www.zeitenspiegel.de\/en\/wp-json\/wp\/v2\/projekte\/2502","targetHints":{"allow":["GET"]}}],"collection":[{"href":"https:\/\/www.zeitenspiegel.de\/en\/wp-json\/wp\/v2\/projekte"}],"about":[{"href":"https:\/\/www.zeitenspiegel.de\/en\/wp-json\/wp\/v2\/types\/projekte"}],"version-history":[{"count":0,"href":"https:\/\/www.zeitenspiegel.de\/en\/wp-json\/wp\/v2\/projekte\/2502\/revisions"}],"wp:featuredmedia":[{"embeddable":true,"href":"https:\/\/www.zeitenspiegel.de\/en\/wp-json\/wp\/v2\/media\/2503"}],"wp:attachment":[{"href":"https:\/\/www.zeitenspiegel.de\/en\/wp-json\/wp\/v2\/media?parent=2502"}],"wp:term":[{"taxonomy":"post_tag","embeddable":true,"href":"https:\/\/www.zeitenspiegel.de\/en\/wp-json\/wp\/v2\/tags?post=2502"}],"curies":[{"name":"wp","href":"https:\/\/api.w.org\/{rel}","templated":true}]}}